{"version":"1.0","provider_name":"Posca","provider_url":"https:\/\/www.posca.com\/fr\/","author_name":"Samuel Rabreau","author_url":"https:\/\/www.posca.com\/fr\/author\/fr-admin1\/","title":"L'\u00e9pop\u00e9e pop de Castelbajac","type":"rich","width":600,"height":338,"html":"<blockquote class=\"wp-embedded-content\"><a href=\"https:\/\/www.posca.com\/fr\/communities\/beaux-art-fr\/pop-castelbajac-posca\/\">L&rsquo;\u00e9pop\u00e9e pop de Castelbajac<\/a><\/blockquote>\n<script type='text\/javascript'>\n<!--\/\/--><![CDATA[\/\/><!--\n\t\t\/*! This file is auto-generated *\/\n\t\t!function(d,l){\"use strict\";var e=!1,n=!1;if(l.querySelector)if(d.addEventListener)e=!0;if(d.wp=d.wp||{},!d.wp.receiveEmbedMessage)if(d.wp.receiveEmbedMessage=function(e){var t=e.data;if(t)if(t.secret||t.message||t.value)if(!\/[^a-zA-Z0-9]\/.test(t.secret)){for(var r,i,a,s=l.querySelectorAll('iframe[data-secret=\"'+t.secret+'\"]'),n=l.querySelectorAll('blockquote[data-secret=\"'+t.secret+'\"]'),o=new RegExp(\"^https?:$\",\"i\"),c=0;c<n.length;c++)n[c].style.display=\"none\";for(c=0;c<s.length;c++)if(r=s[c],e.source===r.contentWindow){if(r.removeAttribute(\"style\"),\"height\"===t.message){if(1e3<(a=parseInt(t.value,10)))a=1e3;else if(~~a<200)a=200;r.height=a}if(\"link\"===t.message)if(i=l.createElement(\"a\"),a=l.createElement(\"a\"),i.href=r.getAttribute(\"src\"),a.href=t.value,o.test(a.protocol))if(a.host===i.host)if(l.activeElement===r)d.top.location.href=t.value}}},e)d.addEventListener(\"message\",d.wp.receiveEmbedMessage,!1),l.addEventListener(\"DOMContentLoaded\",t,!1),d.addEventListener(\"load\",t,!1);function t(){if(!n){n=!0;for(var e,t,r=-1!==navigator.appVersion.indexOf(\"MSIE 10\"),i=!!navigator.userAgent.match(\/Trident.*rv:11\\.\/),a=l.querySelectorAll(\"iframe.wp-embedded-content\"),s=0;s<a.length;s++){if(!(e=a[s]).getAttribute(\"data-secret\"))t=Math.random().toString(36).substr(2,10),e.src+=\"#?secret=\"+t,e.setAttribute(\"data-secret\",t);if(r||i)(t=e.cloneNode(!0)).removeAttribute(\"security\"),e.parentNode.replaceChild(t,e)}}}}(window,document);\n\/\/--><!]]>\n<\/script><iframe sandbox=\"allow-scripts\" security=\"restricted\" src=\"https:\/\/www.posca.com\/fr\/communities\/beaux-art-fr\/pop-castelbajac-posca\/embed\/\" width=\"600\" height=\"338\" title=\"\u00ab\u00a0L&rsquo;\u00e9pop\u00e9e pop de Castelbajac\u00a0\u00bb &#8212; Posca\" frameborder=\"0\" marginwidth=\"0\" marginheight=\"0\" scrolling=\"no\" class=\"wp-embedded-content\"><\/iframe>","description":"Le cr\u00e9ateur Jean-Charles de Castelbajac ne s\u2019arr\u00eate jamais. Depuis pr\u00e8s de 50 ans, il fait, dessine, peint et cr\u00e9\u00e9, et c\u2019est chaque jour que \u00e7a se passe. Il a r\u00e9alis\u00e9 des milliers de projets, travaille d\u00e9j\u00e0 sur ce qu\u2019il fera d\u2019ici cinq ans, et prend le temps de r\u00e9pondre aux questions qu\u2019on lui pose dans un documentaire que la cha\u00eene Arte lui consacre. C\u2019est le destin d\u2019un homme occup\u00e9, mais disponible pour regarder et voir.","thumbnail_url":"https:\/\/www.posca.com\/wp-content\/uploads\/2019\/03\/castelbajac_posca-1.jpg"}